{"id":21,"date":"2014-09-06T08:47:58","date_gmt":"2014-09-06T08:47:58","guid":{"rendered":"http:\/\/bigbandgarros.fr\/?page_id=21"},"modified":"2022-07-28T22:43:22","modified_gmt":"2022-07-28T20:43:22","slug":"nos-concerts","status":"publish","type":"page","link":"http:\/\/bigbandgarros.fr\/?page_id=21","title":{"rendered":"Nos concerts"},"content":{"rendered":"<hr \/>\n<p style=\"background-image: url('http:\/\/bigbandgarros.fr\/wp-content\/uploads\/2014\/09\/bigbandcgarroslogofond.gif'); background-attachment: fixed; background-repeat: repeat-y; width: 100%; padding: 0; background-position: center center;\">Nos passages sur sc\u00e8ne&#8230; \u00e0 venir, ou bien pass\u00e9s.<\/p>\n<table style=\"height: 5175px; width: 82.4549%;\" border=\"0\" cellspacing=\"5\" cellpadding=\"8\">\n<tbody>\n<tr>\n<td style=\"text-align: right; width: 21.045%;\"><\/td>\n<td style=\"width: 3.91872%;\"><\/td>\n<td style=\"width: 71.8433%;\"><\/td>\n<\/tr>\n<tr>\n<td style=\"text-align: right; width: 21.045%;\">vendredi 17\/06\/2022<\/td>\n<td style=\"width: 3.91872%;\"><\/td>\n<td style=\"width: 71.8433%;\">\n<div dir=\"auto\">Salle du casino de Dieppe, Big Band Christian Garros\u00a0 avec C\u00e9cile N&rsquo;D\u00e9bi au chant !<\/div>\n<\/td>\n<\/tr>\n<tr>\n<td style=\"text-align: right; width: 21.045%;\">vendredi 27\/09\/2019<\/td>\n<td style=\"width: 3.91872%;\"><\/td>\n<td style=\"width: 71.8433%;\">Cin\u00e9ma l&rsquo;Ariel de Mont Saint Aignan, avec Pascal Mabit \u00e0 l&rsquo;alto, Fran\u00e7ois Laudet on drums, seconde partie, projection du film de Milos Forman\u00a0 RAGTIME.<\/td>\n<\/tr>\n<tr>\n<td style=\"text-align: right; width: 21.045%;\">dimanche 31\/03\/2019<\/td>\n<td style=\"width: 3.91872%;\"><\/td>\n<td style=\"width: 71.8433%;\"><span class=\"d2edcug0 hpfvmrgz qv66sw1b c1et5uql b0tq1wua a8c37x1j fe6kdd0r mau55g9w c8b282yb keod5gw0 nxhoafnm aigsh9s9 d9wwppkn hrzyx87i jq4qci2q a3bd9o3v b1v8xokw oo9gr5id hzawbc8m\" dir=\"auto\">Big Band au festival Jazz in Mars \u00e0 Bois Guillaume ! avec Fran\u00e7ois Laudet \u00e0 la batterie<br \/>\n<\/span><\/td>\n<\/tr>\n<tr>\n<td style=\"text-align: right; width: 21.045%;\">vendredi 22\/03\/2019<\/td>\n<td style=\"width: 3.91872%;\"><\/td>\n<td style=\"width: 71.8433%;\"><span class=\"d2edcug0 hpfvmrgz qv66sw1b c1et5uql b0tq1wua a8c37x1j fe6kdd0r mau55g9w c8b282yb keod5gw0 nxhoafnm aigsh9s9 d9wwppkn hrzyx87i jq4qci2q a3bd9o3v b1v8xokw oo9gr5id hzawbc8m\" dir=\"auto\">Big Band au festival Jazz in Mars \u00e0 Bois Guillaume ! invit\u00e9s Michel Pastre sax tenor et Fabien Ruiz claquettiste<\/span><\/td>\n<\/tr>\n<tr>\n<td style=\"text-align: right; width: 21.045%;\">samedi 04\/08\/2018<\/td>\n<td style=\"width: 3.91872%;\"><\/td>\n<td style=\"width: 71.8433%;\">\n<div class=\"kvgmc6g5 cxmmr5t8 oygrvhab hcukyx3x c1et5uql ii04i59q\">\n<div dir=\"auto\">C\u2019est la f\u00eate au festival de Honfleur o\u00f9 le big band jouera sur le port en plein air dans le cadre magique du vieux bassin!<\/div>\n<\/div>\n<\/td>\n<\/tr>\n<tr>\n<td style=\"text-align: right; width: 21.045%;\">Samedi 30\/06\/2018<\/td>\n<td style=\"width: 3.91872%;\"><\/td>\n<td style=\"width: 71.8433%;\">\n<div class=\"kvgmc6g5 cxmmr5t8 oygrvhab hcukyx3x c1et5uql ii04i59q\">\n<div dir=\"auto\">Venez f\u00eater avec nous les 40 ans du Big Band Garros \u00e0 l&rsquo;Arch\u00e9o-Jazz !\u00a0 Blainville Crevon<\/div>\n<\/div>\n<\/td>\n<\/tr>\n<tr>\n<td style=\"text-align: right; width: 21.045%;\">25 mars 2018<\/td>\n<td style=\"width: 3.91872%;\"><\/td>\n<td style=\"width: 71.8433%;\">Festival de Bois Guillaume, \u00ab Big Band Christian Garros and friends! \u00bb avec le trompettiste Fran\u00e7ois Biensan, le sax. Nicolas Montier et le batteur Fran\u00e7ois Laudet !<\/td>\n<\/tr>\n<tr>\n<td style=\"text-align: right; width: 21.045%;\">16 mars 2018<\/td>\n<td style=\"width: 3.91872%;\"><\/td>\n<td style=\"width: 71.8433%;\">Festival de Bois Guillaume, Luigi Grasso au sax, est l\u2019invit\u00e9 du Big Band, salle Guillaume le conqu\u00e9rant.<\/td>\n<\/tr>\n<tr>\n<td style=\"text-align: right; width: 21.045%;\">Samedi 27\/01\/2018<\/td>\n<td style=\"width: 3.91872%;\"><\/td>\n<td style=\"width: 71.8433%;\">La danse Hip-Hop rencontre le Jazz avec le BIG BAND Christian GARROS! \u00e0 Pavilly, Salle de la Halle aux grains.<\/td>\n<\/tr>\n<tr>\n<td style=\"text-align: right; width: 21.045%;\">Samedi 02\/12\/2017<\/td>\n<td style=\"width: 3.91872%;\"><\/td>\n<td style=\"width: 71.8433%;\">Gonfreville l\u2019Orcher, Espace Culturel Pointe de Caux: Concert \u00ab\u00a0Ella Fitzgerald\u00a0\u00bb avec\u00a0Isabelle Payen au chant et Fran\u00e7ois Laudet aux drums!<\/td>\n<\/tr>\n<tr>\n<td style=\"text-align: right; width: 21.045%;\">Vendredi 29\/09\/2017<\/td>\n<td style=\"width: 3.91872%;\"><\/td>\n<td style=\"width: 71.8433%;\">Guy, le Roi du Swing! Soir\u00e9e hommage \u00e0 Guy Pr\u00e9vost, batteur, au Cin\u00e9ma l\u2019Ariel \u00e0 Mont Saint Aignan<\/td>\n<\/tr>\n<tr>\n<td style=\"text-align: right; width: 21.045%;\">jeudi 22\/06\/2017<\/td>\n<td style=\"width: 3.91872%;\"><\/td>\n<td style=\"width: 71.8433%;\">Jazz club du M\u00e9ridien, Paris, Le Big band Christian Garros invit\u00e9 par Georges Billecard.<\/td>\n<\/tr>\n<tr>\n<td style=\"text-align: right; width: 21.045%;\">Samedi 13\/05\/2017<\/td>\n<td style=\"width: 3.91872%;\"><\/td>\n<td style=\"width: 71.8433%;\">Th\u00e9\u00e2tre Montansier, Versailles: programme sp\u00e9cial avec Daniel Huck et Patrick Bacqueville\u2026<\/td>\n<\/tr>\n<tr>\n<td style=\"text-align: right; width: 21.045%;\">Vendredi 12\/05\/2017<\/td>\n<td style=\"width: 3.91872%;\"><\/td>\n<td style=\"width: 71.8433%;\">Th\u00e9\u00e2tre Montansier de Versailles\u00a0C\u00e9cile N\u2019Debi chante avec le Big Band le programme \u00ab\u00a0Sacr\u00e9e Ella !\u00a0\u00bb<\/td>\n<\/tr>\n<tr>\n<td style=\"text-align: right; width: 21.045%;\">Dimanche 26\/03\/2017<\/td>\n<td style=\"width: 3.91872%;\"><\/td>\n<td style=\"width: 71.8433%;\">Festival Jazz in mars, Bois Guillaume, le Big Band invite Daniel Huck et Patrick Bacqueville, Swing Scat Sax et Trombone au programme!<\/td>\n<\/tr>\n<tr>\n<td style=\"text-align: right; width: 21.045%;\">Vendredi 17\/03\/2017<\/td>\n<td style=\"width: 3.91872%;\"><\/td>\n<td style=\"width: 71.8433%;\">20h30 \u00e0 Bois-Guillaume, Espace Guillaume le Conqu\u00e9rant, le Big Band C. Garros invite Olivier Ker Ourio, hommage \u00e0 Toots !<\/td>\n<\/tr>\n<tr>\n<td style=\"text-align: right; width: 21.045%;\">Samedi 03\/12\/2016<\/td>\n<td style=\"width: 3.91872%;\"><\/td>\n<td style=\"width: 71.8433%;\">La ville d\u2019Harfleur pr\u00e9sente! Le big Band C. Garros en concert 20h30<\/td>\n<\/tr>\n<tr>\n<td style=\"text-align: right; width: 21.045%;\">Vendredi 23\/09\/2016<\/td>\n<td style=\"width: 3.91872%;\"><\/td>\n<td style=\"width: 71.8433%;\">\u00a0Cin\u00e9 Jazz avec le guitariste Hugo Lippi \u00e0 l\u2019Ariel \u00e0 Mont Saint Aignan<\/td>\n<\/tr>\n<tr>\n<td style=\"text-align: right; width: 21.045%;\">Samedi 12\/03\/2016<\/td>\n<td style=\"width: 3.91872%;\"><\/td>\n<td style=\"width: 71.8433%;\">20h30 Concert \u00e0 L&rsquo;espace Guillaume le Conqu\u00e9rant \u00e0 Bois Guillaume avec, au chant, C\u00e9cile N&rsquo;D\u00e9bi.<\/td>\n<\/tr>\n<tr>\n<td style=\"text-align: right; width: 21.045%;\">Vendredi 11\/03\/2016<\/td>\n<td style=\"width: 3.91872%;\"><\/td>\n<td style=\"width: 71.8433%;\">20h30 Concert \u00e0 L&rsquo;espace Guillaume le Conqu\u00e9rant \u00e0 Bois Guillaume avec, au chant, C\u00e9cile N&rsquo;D\u00e9bi.<\/td>\n<\/tr>\n<tr>\n<td style=\"text-align: right; width: 21.045%;\">Vendredi 11\/12\/2015<\/td>\n<td style=\"width: 3.91872%;\"><\/td>\n<td style=\"width: 71.8433%;\">Mus\u00e9e des Arts Forains Paris,\u00a0Congr\u00e8s dermatologie.<\/td>\n<\/tr>\n<tr>\n<td style=\"text-align: right; width: 21.045%;\">Samedi 03\/10\/2015<\/td>\n<td style=\"width: 3.91872%;\"><\/td>\n<td style=\"width: 71.8433%;\">Concert Ellington\/Basie\/ Miller au Th\u00e9atre Robert Auzelles Neufchatel en Bray 20h30<\/td>\n<\/tr>\n<tr>\n<td style=\"text-align: right; width: 21.045%;\">Samedi 25\/09\/2015<\/td>\n<td style=\"width: 3.91872%;\"><\/td>\n<td style=\"width: 71.8433%;\">Argentan concert chez l&rsquo;habitant<\/td>\n<\/tr>\n<tr>\n<td style=\"text-align: right; width: 21.045%;\">Vendredi 25\/09\/2015<\/td>\n<td style=\"width: 3.91872%;\"><\/td>\n<td style=\"width: 71.8433%;\">Concert Cin\u00e9 Jazz \u00e0 l\u2019Ariel \u00e0 Mont Saint Aignan<\/td>\n<\/tr>\n<tr>\n<td style=\"text-align: right; width: 21.045%;\">Dimanche 24\/05\/2015<\/td>\n<td style=\"width: 3.91872%;\"><\/td>\n<td style=\"width: 71.8433%;\">Sainte-Adresse Festival Dixies Days<\/td>\n<\/tr>\n<tr>\n<td style=\"text-align: right; width: 21.045%;\">Vendredi 22\/05\/2015<\/td>\n<td style=\"width: 3.91872%;\"><\/td>\n<td style=\"width: 71.8433%;\">Bernay, salle Edith Piaf, Concert Coll\u00e8ge \u00e0 14h30<\/td>\n<\/tr>\n<tr>\n<td style=\"text-align: right; width: 21.045%;\">Mardi 12\/05\/2015<\/td>\n<td style=\"width: 3.91872%;\"><\/td>\n<td style=\"width: 71.8433%;\">Aubevoye, salle Marcel Pagnol, Concert Coll\u00e8ge \u00e0 14h30<\/td>\n<\/tr>\n<tr>\n<td style=\"text-align: right; width: 21.045%;\">Vendredi 09\/05\/2015<\/td>\n<td style=\"width: 3.91872%;\"><\/td>\n<td style=\"width: 71.8433%;\">\u00c0 l&rsquo;a\u00e9roport de Boos \u00e0 18h animation-diner \u00e9v\u00e9nementiel<\/td>\n<\/tr>\n<tr>\n<td style=\"text-align: right; width: 21.045%;\">Vendredi 08\/05\/2015<\/td>\n<td style=\"width: 3.91872%;\"><\/td>\n<td style=\"width: 71.8433%;\">\u00c0 l&rsquo;a\u00e9roport de Boos \u00e0 18h animation-diner \u00e9v\u00e9nementiel<\/td>\n<\/tr>\n<tr>\n<td style=\"text-align: right; width: 21.045%;\">Vendredi 10\/04\/2015<\/td>\n<td style=\"width: 3.91872%;\"><\/td>\n<td style=\"width: 71.8433%;\">20h30 Concert \u00e0 L&rsquo;espace Guillaume le Conqu\u00e9rant \u00e0 Bois Guillaume avec, au chant, C\u00e9cile N&rsquo;D\u00e9bi.<\/td>\n<\/tr>\n<tr>\n<td style=\"text-align: right; width: 21.045%;\">Vendredi 10\/04\/2015<\/td>\n<td style=\"width: 3.91872%;\"><\/td>\n<td style=\"width: 71.8433%;\">apr\u00e8s midi Concert Coll\u00e8ge \u00e0 Bois-Guillaume<\/td>\n<\/tr>\n<tr>\n<td style=\"text-align: right; width: 21.045%;\">Vendredi 12\/12\/2014<\/td>\n<td style=\"width: 3.91872%;\"><\/td>\n<td style=\"width: 71.8433%;\">Concert priv\u00e9, Paris, Pr\u00e9 Catelan, pour les J.D.P. Avec C\u00e9cile N&rsquo;D\u00e9bi<\/td>\n<\/tr>\n<tr>\n<td style=\"text-align: right; width: 21.045%;\">Vendredi 26\/09\/2014<\/td>\n<td style=\"width: 3.91872%;\"><\/td>\n<td style=\"width: 71.8433%;\">Concert Jazz &amp; Cin\u00e9ma \u00e0 l&rsquo;Ariel de Mt St Aignan<\/td>\n<\/tr>\n<tr>\n<td style=\"text-align: right; width: 21.045%;\">Dimanche 31\/08\/2014<\/td>\n<td style=\"width: 3.91872%;\"><\/td>\n<td style=\"width: 71.8433%;\">Concert \u00e0 Pavilly, 70 ans de la lib\u00e9ration. Avec Marc Thomas &amp; C\u00e9cile N&rsquo;D\u00e9bi<\/td>\n<\/tr>\n<tr>\n<td style=\"text-align: right; width: 21.045%;\">Samedi 30\/08\/2014<\/td>\n<td style=\"width: 3.91872%;\"><\/td>\n<td style=\"width: 71.8433%;\">concert lib\u00e9ration de Rouen, avec Marc Thomas &amp; C\u00e9cile N&rsquo;D\u00e9bi<\/td>\n<\/tr>\n<tr>\n<td style=\"text-align: right; width: 21.045%;\">Vendredi 15\/08\/2014<\/td>\n<td style=\"width: 3.91872%;\"><\/td>\n<td style=\"width: 71.8433%;\">Concert \u00e0 Honfleur au grenier \u00e0 sel \u00ab Hommage \u00e0 Duke Ellington et grands du Swing \u00bb<\/td>\n<\/tr>\n<tr>\n<td style=\"text-align: right; width: 21.045%;\">Vendredi 20\/06\/2014<\/td>\n<td style=\"width: 3.91872%;\"><\/td>\n<td style=\"width: 71.8433%;\">Concert Coll\u00e8ge \u00e0 Pont Audemer<\/td>\n<\/tr>\n<tr>\n<td style=\"text-align: right; width: 21.045%;\">Mardi 06\/05\/2014<\/td>\n<td style=\"width: 3.91872%;\"><\/td>\n<td style=\"width: 71.8433%;\">Concert Coll\u00e8ge \u00e0 Aubevoye, Centre Culturel Marcel Pagnol<\/td>\n<\/tr>\n<tr>\n<td style=\"text-align: right; width: 21.045%;\">jeudi 03\/04\/2014<\/td>\n<td style=\"width: 3.91872%;\"><\/td>\n<td style=\"width: 71.8433%;\">Concert jazz au coll\u00e8ge salle Beaumarchais \u00e0 Maromme<\/td>\n<\/tr>\n<tr>\n<td style=\"text-align: right; width: 21.045%;\">samedi 08\/02\/2014<\/td>\n<td style=\"width: 3.91872%;\"><\/td>\n<td style=\"width: 71.8433%;\">Concert \u00e0 St Adresse, salle Sarah Bernard au profit de la recherche sur la SEP<\/td>\n<\/tr>\n<tr>\n<td style=\"text-align: right; width: 21.045%;\">dimanche 12\/01\/2014<\/td>\n<td style=\"width: 3.91872%;\"><\/td>\n<td style=\"width: 71.8433%;\">Concert \u00e0 Belbeuf avec Marc Thomas<\/td>\n<\/tr>\n<tr>\n<td style=\"text-align: right; width: 21.045%;\">\n<div>vendredi 27\/09\/2013<\/div>\n<\/td>\n<td style=\"width: 3.91872%;\"><\/td>\n<td style=\"width: 71.8433%;\">Cin\u00e9-concert avec Fabien Ruiz claquettiste cor\u00e9graphe projection du film The Artist<\/td>\n<\/tr>\n<tr>\n<td style=\"text-align: right; width: 21.045%;\">vendredi 31\/05\/2013<\/td>\n<td style=\"width: 3.91872%;\"><\/td>\n<td style=\"width: 71.8433%;\">Concert pour les coll\u00e9giens \u00e0 Saint Marcel<\/td>\n<\/tr>\n<tr>\n<td style=\"text-align: right; width: 21.045%;\">\n<div>vendredi 16\/05\/2013<\/div>\n<\/td>\n<td style=\"width: 3.91872%;\"><\/td>\n<td style=\"width: 71.8433%;\">Concert pour les coll\u00e9giens \u00e0 Bernay<\/td>\n<\/tr>\n<tr>\n<td style=\"text-align: right; width: 21.045%;\">vendredi 03\/05\/2013<\/td>\n<td style=\"width: 3.91872%;\"><\/td>\n<td style=\"width: 71.8433%;\">Concert pour les coll\u00e9giens Le val au gr\u00e8s Bolbec<\/td>\n<\/tr>\n<tr>\n<td style=\"text-align: right; width: 21.045%;\">mardi 30\/04\/2013<\/td>\n<td style=\"width: 3.91872%;\"><\/td>\n<td style=\"width: 71.8433%;\">Concert Jazz&rsquo;n Tap avec Fabien Ruiz, Eric Scialo et les professeurs du 6\u00e8me festival de claquettes de Montpellier (big band effectif r\u00e9duit)<\/td>\n<\/tr>\n<tr>\n<td style=\"text-align: right; width: 21.045%;\">vendredi 01\/06\/2012<\/td>\n<td style=\"width: 3.91872%;\"><\/td>\n<td style=\"width: 71.8433%;\">Concert pour les coll\u00e9giens \u00e0 l&rsquo;Abordage \u00e0 Evreux<\/td>\n<\/tr>\n<tr>\n<td style=\"text-align: right; width: 21.045%;\">vendredi 18\/05\/2012<\/td>\n<td style=\"width: 3.91872%;\"><\/td>\n<td style=\"width: 71.8433%;\">Concert pour les coll\u00e9giens \u00e0 Bourgtheroulde<\/td>\n<\/tr>\n<tr>\n<td style=\"text-align: right; width: 21.045%;\">dimanche 13\/05\/2012<\/td>\n<td style=\"width: 3.91872%;\"><\/td>\n<td style=\"width: 71.8433%;\">Festival Jazz sous les pommiers \u00e0 Coutances<\/td>\n<\/tr>\n<tr>\n<td style=\"text-align: right; width: 21.045%;\">vendredi 11\/05\/2012<\/td>\n<td style=\"width: 3.91872%;\"><\/td>\n<td style=\"width: 71.8433%;\">Concert sp\u00e9cial Quincy Jones avec Pascal Thouvenin invit\u00e9 \u00e0 Gisors<\/td>\n<\/tr>\n<tr>\n<td style=\"text-align: right; width: 21.045%;\">vendredi 30\/03\/2012<\/td>\n<td style=\"width: 3.91872%;\"><\/td>\n<td style=\"width: 71.8433%;\">Concert pour les coll\u00e9giens \u00e0 la salle Beaumarchais, Maromme<\/td>\n<\/tr>\n<tr>\n<td style=\"text-align: right; width: 21.045%;\">vendredi 18\/11\/2011<\/td>\n<td style=\"width: 3.91872%;\"><\/td>\n<td style=\"width: 71.8433%;\">Soir\u00e9e hotel Mercure Rouen<\/td>\n<\/tr>\n<tr>\n<td style=\"text-align: right; width: 21.045%;\">vendredi 30\/09\/2011<\/td>\n<td style=\"width: 3.91872%;\"><\/td>\n<td style=\"width: 71.8433%;\">Cin\u00e9 Jazz au cin\u00e9ma l\u2019Ariel \u00e0 Mt St Aignan, autour de la musique de Quincy Jones.<\/td>\n<\/tr>\n<tr>\n<td style=\"text-align: right; width: 21.045%;\">vendredi 26\/08\/2011<\/td>\n<td style=\"width: 3.91872%;\"><\/td>\n<td style=\"width: 71.8433%;\">Festival Jazztitudes de Lisieux<\/td>\n<\/tr>\n<tr>\n<td style=\"text-align: right; width: 21.045%;\">dimanche 21\/08\/2011<\/td>\n<td style=\"width: 3.91872%;\"><\/td>\n<td style=\"width: 71.8433%;\">Concert animation priv\u00e9 Deauville<\/td>\n<\/tr>\n<tr>\n<td style=\"text-align: right; width: 21.045%;\">samedi 20\/08\/2011<\/td>\n<td style=\"width: 3.91872%;\"><\/td>\n<td style=\"width: 71.8433%;\">Concert plein air pour la ville de Houlgate<\/td>\n<\/tr>\n<tr>\n<td style=\"text-align: right; width: 21.045%;\">samedi 04\/06\/2011<\/td>\n<td style=\"width: 3.91872%;\"><\/td>\n<td style=\"width: 71.8433%;\">Concert plein air au Moulin d&rsquo;And\u00e9 (27)<\/td>\n<\/tr>\n<tr>\n<td style=\"text-align: right; width: 21.045%;\">vendredi 20\/05\/2011<\/td>\n<td style=\"width: 3.91872%;\"><\/td>\n<td style=\"width: 71.8433%;\">Concert pour les coll\u00e9giens Aubevoye<\/td>\n<\/tr>\n<tr>\n<td style=\"text-align: right; width: 21.045%;\">vendredi 13\/05\/2011<\/td>\n<td style=\"width: 3.91872%;\"><\/td>\n<td style=\"width: 71.8433%;\">Concert pour les coll\u00e9giens Verneuil sur Avre<\/td>\n<\/tr>\n<tr>\n<td style=\"text-align: right; width: 21.045%;\">vendredi 06\/05\/2011<\/td>\n<td style=\"width: 3.91872%;\"><\/td>\n<td style=\"width: 71.8433%;\">Concert pour les coll\u00e9giens Maromme<\/td>\n<\/tr>\n<tr>\n<td style=\"text-align: right; width: 21.045%;\">lundi 06\/12\/2010<\/td>\n<td style=\"width: 3.91872%;\"><\/td>\n<td style=\"width: 71.8433%;\">Concert au profit d&rsquo;Ha\u00efti. Maison de L&rsquo;universit\u00e9, place Emile Blondel, Mt St Aignan (76)<\/td>\n<\/tr>\n<tr>\n<td style=\"text-align: right; width: 21.045%;\">vendredi 26\/11\/2010<\/td>\n<td style=\"width: 3.91872%;\"><\/td>\n<td style=\"width: 71.8433%;\">Concert \u00ab\u00a0sacr\u00e9e Ella\u00a0\u00bb \u00e0 la maladrerie Saint Lazare de Beauvais<\/td>\n<\/tr>\n<tr>\n<td style=\"text-align: right; width: 21.045%;\">vendredi 01\/10\/2010<\/td>\n<td style=\"width: 3.91872%;\"><\/td>\n<td style=\"width: 71.8433%;\">Cin\u00e9 Jazz au cin\u00e9ma l\u2019Ariel \u00e0 Mt St Aignan (musiques de Duke Ellington, film \u00ab\u00a0Paris blues\u00a0\u00bb)<\/td>\n<\/tr>\n<tr>\n<td style=\"text-align: right; width: 21.045%;\">mercredi 18\/08\/2010<\/td>\n<td style=\"width: 3.91872%;\"><\/td>\n<td style=\"width: 71.8433%;\">Concert au festival \u00ab\u00a0jazz en baie\u00a0\u00bb \u00e0 Carolles<\/td>\n<\/tr>\n<tr>\n<td style=\"text-align: right; width: 21.045%;\">jeudi 01\/06\/2010<\/td>\n<td style=\"width: 3.91872%;\"><\/td>\n<td style=\"width: 71.8433%;\">Concert au th\u00e9atre du casino de Dieppe<\/td>\n<\/tr>\n<tr>\n<td style=\"text-align: right; width: 21.045%;\">lundi 17\/05\/2010<\/td>\n<td style=\"width: 3.91872%;\"><\/td>\n<td style=\"width: 71.8433%;\">Concert pour les coll\u00e9giens th\u00e9atre de l&rsquo;\u00e9clat \u00e0 Pont Audemer<\/td>\n<\/tr>\n<tr>\n<td style=\"text-align: right; width: 21.045%;\">vendredi 30\/04\/2010<\/td>\n<td style=\"width: 3.91872%;\"><\/td>\n<td style=\"width: 71.8433%;\">Concert pour les coll\u00e9giens \u00e0 l&rsquo;espace culturel M. Pagnol \u00e0 Aubevoye<\/td>\n<\/tr>\n<tr>\n<td style=\"text-align: right; width: 21.045%;\">vendredi 02\/04\/2010<\/td>\n<td style=\"width: 3.91872%;\"><\/td>\n<td style=\"width: 71.8433%;\">Concert pour les coll\u00e9giens \u00e0 la Salle les vikings \u00e0 Yvetot<\/td>\n<\/tr>\n<tr>\n<td style=\"text-align: right; width: 21.045%;\">samedi 21\/11\/2009<\/td>\n<td style=\"width: 3.91872%;\"><\/td>\n<td style=\"width: 71.8433%;\">Concert \u00e0 Gournay en Bray, gymnase Jules Ferry.<\/td>\n<\/tr>\n<tr>\n<td style=\"text-align: right; width: 21.045%;\">vendredi 17\/04\/2009<\/td>\n<td style=\"width: 3.91872%;\"><\/td>\n<td style=\"width: 71.8433%;\">Cin\u00e9 Jazz au cin\u00e9ma l\u2019Ariel \u00e0 Mt St Aignan<\/td>\n<\/tr>\n<tr>\n<td style=\"text-align: right; width: 21.045%;\">vendredi 15\/05\/2009<\/td>\n<td style=\"width: 3.91872%;\"><\/td>\n<td style=\"width: 71.8433%;\">Concert pour les coll\u00e9giens \u00e0 l&rsquo;amphi de la Facult\u00e9 de m\u00e9decine de Rouen<\/td>\n<\/tr>\n<tr>\n<td style=\"text-align: right; width: 21.045%;\">vendredi 17\/04\/2009<\/td>\n<td style=\"width: 3.91872%;\"><\/td>\n<td style=\"width: 71.8433%;\">Concert pour les coll\u00e9giens \u00e0 la Salle Daniel Pierre \u00e0 Cany Barville \u00e0 15 h<\/td>\n<\/tr>\n<tr>\n<td style=\"text-align: right; width: 21.045%;\">jeudi 09\/04\/2009<\/td>\n<td style=\"width: 3.91872%;\"><\/td>\n<td style=\"width: 71.8433%;\">Concert \u00e0 l&rsquo;Espace Philippe Auguste \u00e0 Vernon \u00e0 20h30 avec la chanteuse C\u00e9cile N&rsquo;Debi et le claquettiste Philou<\/td>\n<\/tr>\n<tr>\n<td style=\"text-align: right; width: 21.045%;\">jeudi 09\/04\/2009<\/td>\n<td style=\"width: 3.91872%;\"><\/td>\n<td style=\"width: 71.8433%;\">Concert pour les coll\u00e9giens \u00e0 l&rsquo;Espace Philippe Auguste, Vernon.<\/td>\n<\/tr>\n<tr>\n<td style=\"text-align: right; width: 21.045%;\">vendredi 03\/04\/2009<\/td>\n<td style=\"width: 3.91872%;\"><\/td>\n<td style=\"width: 71.8433%;\">Concert pour les coll\u00e9giens au Grand Forum de Louviers \u00e0 15h<\/td>\n<\/tr>\n<tr>\n<td style=\"text-align: right; width: 21.045%;\">jeudi 20\/10\/2008<\/td>\n<td style=\"width: 3.91872%;\"><\/td>\n<td style=\"width: 71.8433%;\">Congr\u00e8s de g\u00e9riatrie au CG 76 \u00e0 Rouen<\/td>\n<\/tr>\n<tr>\n<td style=\"text-align: right; width: 21.045%;\">vendredi 26\/09\/2008<\/td>\n<td style=\"width: 3.91872%;\"><\/td>\n<td style=\"width: 71.8433%;\">Cin\u00e9 Jazz au cin\u00e9ma l\u2019Ariel \u00e0 Mt St Aignan<\/td>\n<\/tr>\n<tr>\n<td style=\"text-align: right; width: 21.045%;\">vendredi 19\/09\/2008<\/td>\n<td style=\"width: 3.91872%;\"><\/td>\n<td style=\"width: 71.8433%;\">Congr\u00e8s de dermatologie au mus\u00e9e des arts forains \u00e0 Paris, avec la chanteuse C\u00e9cile N&rsquo;Debi et le claquettiste Philou<\/td>\n<\/tr>\n<tr>\n<td style=\"text-align: right; width: 21.045%;\">dimanche 17\/08\/2008<\/td>\n<td style=\"width: 3.91872%;\"><\/td>\n<td style=\"width: 71.8433%;\">Festival Jazz aux greniers \u00e0 Honfleur \u00e0 21h<\/td>\n<\/tr>\n<tr>\n<td style=\"text-align: right; width: 21.045%;\">mercredi 09\/07\/2008<\/td>\n<td style=\"width: 3.91872%;\"><\/td>\n<td style=\"width: 71.8433%;\">Armada pour l&rsquo;entreprise Quille<\/td>\n<\/tr>\n<tr>\n<td style=\"text-align: right; width: 21.045%;\">jeudi 26\/06\/2008<\/td>\n<td style=\"width: 3.91872%;\"><\/td>\n<td style=\"width: 71.8433%;\">Festival de Blainville Crevon<\/td>\n<\/tr>\n<tr>\n<td style=\"text-align: right; width: 21.045%;\">vendredi 06\/06\/2008<\/td>\n<td style=\"width: 3.91872%;\"><\/td>\n<td style=\"width: 71.8433%;\">Concert Coll\u00e8ges 18h30 \u00e0 l\u2019abordage \u00e0 Evreux<\/td>\n<\/tr>\n<tr>\n<td style=\"text-align: right; width: 21.045%;\">lundi 02\/06\/08<\/td>\n<td style=\"width: 3.91872%;\"><\/td>\n<td style=\"width: 71.8433%;\">Concert Coll\u00e8ges \u00e0 la salle Marcel Pagnol \u00e0 Aubevoye \u00e0 19h<\/td>\n<\/tr>\n<tr>\n<td style=\"text-align: right; width: 21.045%;\">vendredi 30\/05\/2008<\/td>\n<td style=\"width: 3.91872%;\"><\/td>\n<td style=\"width: 71.8433%;\">Concert Coll\u00e8ges 18h30 \u00e9cole de musique de Dieppe<\/td>\n<\/tr>\n<tr>\n<td style=\"text-align: right; width: 21.045%;\">vendredi 28\/09\/2007<\/td>\n<td style=\"width: 3.91872%;\"><\/td>\n<td style=\"width: 71.8433%;\">Concert Cin\u00e9Jazz, avec Le vibraphoniste Dany Doriz, suivi du film Round Midnight de Bertrand Tavernier \u00e0 l&rsquo;Ariel, Mt St Aignan<\/td>\n<\/tr>\n<tr>\n<td style=\"text-align: right; width: 21.045%;\">jeudi 28\/06\/2007<\/td>\n<td style=\"width: 3.91872%;\"><\/td>\n<td style=\"width: 71.8433%;\">Concert \u00e0 Martot<\/td>\n<\/tr>\n<tr>\n<td style=\"text-align: right; width: 21.045%;\">mardi 19\/06\/2007<\/td>\n<td style=\"width: 3.91872%;\"><\/td>\n<td style=\"width: 71.8433%;\">Concert Coll\u00e8ges 18h30 \u00e0 la Maison de l&rsquo;universit\u00e9 \u00e0 Mont Saint Aignan<\/td>\n<\/tr>\n<tr>\n<td style=\"text-align: right; width: 21.045%;\">jeudi 14\/06\/2007<\/td>\n<td style=\"width: 3.91872%;\"><\/td>\n<td style=\"width: 71.8433%;\">Concert Coll\u00e8ges 18h30 \u00e0 Bourg Achard<\/td>\n<\/tr>\n<tr>\n<td style=\"text-align: right; width: 21.045%;\">mardi 29\/05\/2007<\/td>\n<td style=\"width: 3.91872%;\"><\/td>\n<td style=\"width: 71.8433%;\">Concert coll\u00e8ges Etr\u00e9pagny<\/td>\n<\/tr>\n<tr>\n<td style=\"text-align: right; width: 21.045%;\">jeudi 12\/04\/2007<\/td>\n<td style=\"width: 3.91872%;\"><\/td>\n<td style=\"width: 71.8433%;\">Concert, avec la chanteuse C\u00e9cile N&rsquo;Debi, 20h45 \u00e0 la salle les Vikings \u00e0 Yvet\u00f4t<\/td>\n<\/tr>\n<tr>\n<td style=\"text-align: right; width: 21.045%;\">jeudi 12\/04\/2007<\/td>\n<td style=\"width: 3.91872%;\"><\/td>\n<td style=\"width: 71.8433%;\">Concert Coll\u00e8ges 18h30 \u00e0 la salle Vikings \u00e0 Yvet\u00f4t<\/td>\n<\/tr>\n<tr>\n<td style=\"text-align: right; width: 21.045%;\">vendredi 22\/12\/2006<\/td>\n<td style=\"width: 3.91872%;\"><\/td>\n<td style=\"width: 71.8433%;\">Concert, avec la chanteuse C\u00e9cile N&rsquo;Debi, au centre culturel Michel Simon de Noisy Le Grand<\/td>\n<\/tr>\n<tr>\n<td style=\"text-align: right; width: 21.045%;\">vendredi 22\/09\/2006<\/td>\n<td style=\"width: 3.91872%;\"><\/td>\n<td style=\"width: 71.8433%;\">Concert Cin\u00e9Jazz, avec la chanteuse C\u00e9cile N&rsquo;Debi, et la projection de courts m\u00e9trages, notamment sur le jazz vocal. Ariel, Mt St Aignan<\/td>\n<\/tr>\n<tr>\n<td style=\"text-align: right; width: 21.045%;\">vendredi 01\/09\/2006<\/td>\n<td style=\"width: 3.91872%;\"><\/td>\n<td style=\"width: 71.8433%;\">concert au festival international du cin\u00e9ma de Deauville<\/td>\n<\/tr>\n<tr>\n<td style=\"text-align: right; width: 21.045%;\">vendredi 14\/07\/2006<\/td>\n<td style=\"width: 3.91872%;\"><\/td>\n<td style=\"width: 71.8433%;\">Concert \u00e0 Rouen au parc de Grammont (derri\u00e8re clinique Mathilde)<\/td>\n<\/tr>\n<tr>\n<td style=\"text-align: right; width: 21.045%;\">mardi 27\/06\/2006<\/td>\n<td style=\"width: 3.91872%;\"><\/td>\n<td style=\"width: 71.8433%;\">Concert Coll\u00e8ges dieppe \u00e9cole nationale de musique<\/td>\n<\/tr>\n<tr>\n<td style=\"text-align: right; width: 21.045%;\">vendredi 23\/06\/2006<\/td>\n<td style=\"width: 3.91872%;\"><\/td>\n<td style=\"width: 71.8433%;\">Concert Coll\u00e8ges rouen conservatoire<\/td>\n<\/tr>\n<tr>\n<td style=\"text-align: right; width: 21.045%;\">mardi 30\/05\/2006<\/td>\n<td style=\"width: 3.91872%;\"><\/td>\n<td style=\"width: 71.8433%;\">Concert Coll\u00e8ges Nonancourt<\/td>\n<\/tr>\n<tr>\n<td style=\"text-align: right; width: 21.045%;\">samedi 11\/03\/2006<\/td>\n<td style=\"width: 3.91872%;\"><\/td>\n<td style=\"width: 71.8433%;\">Concert au th\u00e9\u00e2tre de l&rsquo;h\u00f4tel de ville du Havre avec la chanteuse C\u00e9cile N&rsquo;Debi<\/td>\n<\/tr>\n<tr>\n<td style=\"text-align: right; width: 21.045%;\">Vendredi 16\/12\/2005<\/td>\n<td style=\"width: 3.91872%;\"><\/td>\n<td style=\"width: 71.8433%;\">Concert \u00e0 Forges les eaux avec les streetdancers hip-hop<\/td>\n<\/tr>\n<tr>\n<td style=\"text-align: right; width: 21.045%;\">vendredi 02\/12\/2005<\/td>\n<td style=\"width: 3.91872%;\"><\/td>\n<td style=\"width: 71.8433%;\">Concert Cin\u00e9Jazz autour de Charlie Parker, au cin\u00e9ma Ariel, avec projection du film \u00ab\u00a0Bird\u00a0\u00bb.<\/td>\n<\/tr>\n<tr>\n<td style=\"text-align: right; width: 21.045%;\">dimanche 06\/11\/2005<\/td>\n<td style=\"width: 3.91872%;\"><\/td>\n<td style=\"width: 71.8433%;\">Concert au conservatoire national de r\u00e9gion de Rouen<\/td>\n<\/tr>\n<tr>\n<td style=\"text-align: right; width: 21.045%;\">dimanche 26\/06\/2005<\/td>\n<td style=\"width: 3.91872%;\"><\/td>\n<td style=\"width: 71.8433%;\">Festival de Saint Ricquier avec la chanteuse C\u00e9cile N&rsquo;Debi<\/td>\n<\/tr>\n<tr>\n<td style=\"text-align: right; width: 21.045%;\">jeudi 23\/06\/2005<\/td>\n<td style=\"width: 3.91872%;\"><\/td>\n<td style=\"width: 71.8433%;\">Concert Coll\u00e8ges Barentin<\/td>\n<\/tr>\n<tr>\n<td style=\"text-align: right; width: 21.045%;\">vendredi 17\/06\/2005<\/td>\n<td style=\"width: 3.91872%;\"><\/td>\n<td style=\"width: 71.8433%;\">Concert Coll\u00e8ges Bernay<\/td>\n<\/tr>\n<tr>\n<td style=\"text-align: right; width: 21.045%;\">vendredi 06\/05\/2005<\/td>\n<td style=\"width: 3.91872%;\"><\/td>\n<td style=\"width: 71.8433%;\">Mons Belgique avec avec la chanteuse Gilda Solve<\/td>\n<\/tr>\n<tr>\n<td style=\"text-align: right; width: 21.045%;\">mardi 01\/03\/2005<\/td>\n<td style=\"width: 3.91872%;\"><\/td>\n<td style=\"width: 71.8433%;\">concert \u00e0 Juliobonna, Lillebonne, en soutien aux victimes du tsunami.<\/td>\n<\/tr>\n<tr>\n<td style=\"text-align: right; width: 21.045%;\">vendredi 03\/12\/2004<\/td>\n<td style=\"width: 3.91872%;\"><\/td>\n<td style=\"width: 71.8433%;\">Big Band Garros \u00ab\u00a0Sacr\u00e9e ELLA\u00a0\u00bb avec la chanteuse Gida Solve salle ste Croix des Pelletiers Rouen<\/td>\n<\/tr>\n<\/tbody>\n<\/table>\n","protected":false},"excerpt":{"rendered":"<p>Nos passages sur sc\u00e8ne&#8230; \u00e0 venir, ou bien pass\u00e9s. vendredi 17\/06\/2022 Salle du casino de Dieppe, Big Band Christian Garros\u00a0 avec C\u00e9cile N&rsquo;D\u00e9bi au chant ! vendredi 27\/09\/2019 Cin\u00e9ma l&rsquo;Ariel de Mont Saint Aignan, avec Pascal Mabit \u00e0&#8230; <a class=\"read-more\" href=\"http:\/\/bigbandgarros.fr\/?page_id=21\">Read More<\/a><\/p>\n","protected":false},"author":1,"featured_media":0,"parent":0,"menu_order":1,"comment_status":"closed","ping_status":"closed","template":"","meta":{"footnotes":""},"class_list":["post-21","page","type-page","status-publish","hentry"],"_links":{"self":[{"href":"http:\/\/bigbandgarros.fr\/index.php?rest_route=\/wp\/v2\/pages\/21","targetHints":{"allow":["GET"]}}],"collection":[{"href":"http:\/\/bigbandgarros.fr\/index.php?rest_route=\/wp\/v2\/pages"}],"about":[{"href":"http:\/\/bigbandgarros.fr\/index.php?rest_route=\/wp\/v2\/types\/page"}],"author":[{"embeddable":true,"href":"http:\/\/bigbandgarros.fr\/index.php?rest_route=\/wp\/v2\/users\/1"}],"replies":[{"embeddable":true,"href":"http:\/\/bigbandgarros.fr\/index.php?rest_route=%2Fwp%2Fv2%2Fcomments&post=21"}],"version-history":[{"count":25,"href":"http:\/\/bigbandgarros.fr\/index.php?rest_route=\/wp\/v2\/pages\/21\/revisions"}],"predecessor-version":[{"id":343,"href":"http:\/\/bigbandgarros.fr\/index.php?rest_route=\/wp\/v2\/pages\/21\/revisions\/343"}],"wp:attachment":[{"href":"http:\/\/bigbandgarros.fr\/index.php?rest_route=%2Fwp%2Fv2%2Fmedia&parent=21"}],"curies":[{"name":"wp","href":"https:\/\/api.w.org\/{rel}","templated":true}]}}